{"id":594,"date":"2023-08-19T14:16:34","date_gmt":"2023-08-19T14:16:34","guid":{"rendered":"https:\/\/cch.um6p.ma\/?page_id=594"},"modified":"2026-01-09T10:25:56","modified_gmt":"2026-01-09T10:25:56","slug":"islam-a-la-reconquete-du-sens","status":"publish","type":"page","link":"https:\/\/cch.um6p.ma\/?page_id=594","title":{"rendered":"Islam, \u00e0 la reconqu\u00eate du sens"},"content":{"rendered":"<p><strong><img loading=\"lazy\" decoding=\"async\" class=\"wp-image-2268 alignright\" src=\"https:\/\/www.archipress.org\/reda\/wp-content\/uploads\/2021\/05\/Couv_Islam_a_la_reconquete_du_sens2021.jpg\" sizes=\"auto, (max-width: 220px) 100vw, 220px\" srcset=\"https:\/\/www.archipress.org\/reda\/wp-content\/uploads\/2021\/05\/Couv_Islam_a_la_reconquete_du_sens2021.jpg 613w, https:\/\/www.archipress.org\/reda\/wp-content\/uploads\/2021\/05\/Couv_Islam_a_la_reconquete_du_sens2021-205x300.jpg 205w, https:\/\/www.archipress.org\/reda\/wp-content\/uploads\/2021\/05\/Couv_Islam_a_la_reconquete_du_sens2021-103x150.jpg 103w\" alt=\"\" width=\"294\" height=\"430\"><\/strong><\/p>\n<p>R\u00e9da Benkirane, <em>Islam, \u00e0 la reconqu\u00eate du sens, <\/em>nouvelle \u00e9dition, Casablanca, <a href=\"http:\/\/lacroiseedeschemins.ma\/produit\/islam-a-la-reconquete-du-sens\/\" target=\"_blank\" rel=\"noopener noreferrer\">La Crois\u00e9e des Chemins<\/a>, 544 pages, 2021 (premi\u00e8re \u00e9dition: Paris,&nbsp;<a href=\"https:\/\/www.editions-lepommier.fr\/islam-la-reconquete-du-sens\" target=\"_blank\" rel=\"noopener\">Le Pommier<\/a>, 512 pages, 2017).<\/p>\n<p style=\"text-align: justify;\">\u00ab&nbsp;Ce livre expose la vision d\u2019un islam s\u00e9cularis\u00e9 et d\u2019une rationalit\u00e9 pleinement engag\u00e9e dans ce si\u00e8cle et les temps \u00e0 venir. Il explore les germes et les termes d\u2019une r\u00e9volution intellectuelle en islam. Il donne \u00e0 voir une approche radicalement neuve, lib\u00e9ratrice et cr\u00e9atrice du Coran, et, ce faisant, \u00e9claire diverses questions imbriquant sacr\u00e9 et profane, islam et politique, foi et raison, religion et science.<\/p>\n<p style=\"text-align: justify;\">Ce livre est aussi l\u2019aboutissement d\u2019un long parcours de recherche, d\u2019\u00e9criture et d\u2019innombrables rencontres et entretiens avec des lettr\u00e9s religieux, des intellectuels, des journalistes, des leaders d\u2019opinion, des militants associatifs et politiques des deux rives de la M\u00e9diterran\u00e9e.&nbsp;\u00bb<\/p>\n<p><strong>Pr\u00e9sentation de l\u2019\u00e9diteur:<\/strong><\/p>\n<p>Comment les musulmans d\u2019aujourd\u2019hui pourraient-ils donner du sens \u00e0 leur foi ? Peut-on envisager une pens\u00e9e islamique v\u00e9ritablement innovante, en prise avec son temps, et sauver une culture religieuse de ses propres d\u00e9mons ainsi que des manipulations et profanations dont elle fait continuellement l\u2019objet (politisation, militarisation, marchandisation) ?<\/p>\n<p>Reda Benkirane propose une voie prometteuse car inexplor\u00e9e jusque-l\u00e0 : repenser la religion \u00e0 la lumi\u00e8re des sciences de la complexit\u00e9 \u2013 ces sciences qui, justement, \u00e9chappent \u00e0 tout r\u00e9ductionnisme. Et cette renaissance passe par un bouleversement des rapports au pouvoir et au savoir, pour permettre une \u00e9mancipation intellectuelle et spirituelle, via la production d\u2019id\u00e9es neuves.<\/p>\n<p>\u00c0 une \u00e9poque o\u00f9 l\u2019acc\u00e8s au savoir s\u2019universalise, l\u2019islam a tout \u00e0 gagner \u00e0 croiser son Grand R\u00e9cit avec celui tiss\u00e9 par les sciences du vivant, de la mati\u00e8re et du calcul. Lib\u00e9r\u00e9 de son formalisme et de sa normativit\u00e9, l\u2019islam se r\u00e9v\u00e8le alors espace de cr\u00e9ativit\u00e9, au diapason avec le d\u00e9fi majeur de la complexit\u00e9 du monde.<\/p>\n<p>Ce livre trace ces nouveaux chemins de science et de connaissance.<\/p>\n<p>&nbsp;<\/p>\n<p><strong>Sommaire:<\/strong><\/p>\n<p style=\"padding-left: 40px;\"><em>Introduction \u00e0 la pens\u00e9e de l\u2019<\/em>iqbal<em>.&nbsp; Une profession de foi philosophique<\/em><\/p>\n<p style=\"padding-left: 40px;\"><strong>Premi\u00e8re partie&nbsp; La qu\u00eate de sens.&nbsp; Physique de la religion&nbsp;<\/strong><br \/>\nChapitre I.&nbsp;<em>L\u2019avanc\u00e9e vers le pass\u00e9<\/em><br \/>\nChapitre II.&nbsp;<em>La perte de sens et d\u2019identit\u00e9<\/em><br \/>\nChapitre III.&nbsp;<em>Un probl\u00e8me th\u00e9o-g\u00e9o-politique<\/em><\/p>\n<p style=\"padding-left: 40px;\"><strong>Deuxi\u00e8me partie&nbsp; La qu\u00eate de science.&nbsp; M\u00e9taphysique de la religion&nbsp;<\/strong><br \/>\nChapitre IV.&nbsp;<em>Science et religion en islam. Sur la voie d\u2019Iqbal<\/em><br \/>\nChapitre V.&nbsp;<em>Un sacre fragile. La codification de la raison math\u00e9matique<\/em><br \/>\nChapitre VI.&nbsp;<em>Spiritualit\u00e9 math\u00e9matique et sagesse dans l\u2019\u00e9cart \u00e0 l\u2019\u00e9quilibre<\/em><br \/>\nChapitre VIII.&nbsp;<em>L\u2019in-qui\u00e9tude cr\u00e9atrice<\/em><\/p>\n<p style=\"padding-left: 40px;\"><strong>Troisi\u00e8me partie&nbsp; Signe et bruissement de signes. La Complexit\u00e9 coranique<\/strong><br \/>\nChapitre IX.&nbsp;<em>Ph\u00e9nom\u00e9nologie coranique<\/em><br \/>\nChapitre X.&nbsp;<em>Surface critique, membrane profonde<\/em><br \/>\nChapitre XI.&nbsp;<em>De l\u2019intellection fragile \u00e0 la raison agile<\/em><\/p>\n<p style=\"padding-left: 40px;\"><strong>Annexes<\/strong><br \/>\nBibliographie<br \/>\nIndex<\/p>\n<p>&nbsp;<\/p>\n<p><strong>Revues de livre:&nbsp;<\/strong><\/p>\n<p style=\"padding-left: 40px;\">Mouna Hachim,&nbsp;<a href=\"https:\/\/www.archipress.org\/reda\/?page_id=2331\">\u00ab A la reconqu\u00eate du sens. Pour une raison agile en islam \u00bb<\/a>,&nbsp;<em>Maroc diplomatique<\/em>, 19 juillet 2021.<\/p>\n<p style=\"padding-left: 40px;\">Sylvie&nbsp;<span class=\"UpperCase\">Taussig<\/span>,&nbsp;<a href=\"https:\/\/www.archipress.org\/reda\/?page_id=2221\">\u00ab Reda&nbsp;<span class=\"petitecap\">Benkirane<\/span>, Islam, \u00e0 la reconqu\u00eate du sens. Paris, \u00c9ditions le Pommier, 2017, 512&nbsp;p.&nbsp;\u00bb<\/a>,&nbsp;<i>Archives de sciences sociales des religions<\/i>, 2018\/4 (n\u00b0 184), p. 193-196.<\/p>\n<p style=\"padding-left: 40px;\">Yannick Prost,&nbsp;<a href=\"https:\/\/www.archipress.org\/reda\/?page_id=2225\">Note de lecture<\/a>,&nbsp;<span id=\"iso-690\">\u00ab&nbsp;Nouveaut\u00e9s&nbsp;\u00bb,&nbsp;<i>Revue internationale et strat\u00e9gique<\/i>, 2018\/2 (N\u00b0 110), p. 179-190.<\/span><\/p>\n<p style=\"text-align: center;\">__________________________________<\/p>\n<p><strong>Commander le livre<\/strong><\/p>\n<p>Disponible aupr\u00e8s de l\u2019\u00e9diteur :&nbsp;<a href=\"https:\/\/lacroiseedeschemins.ma\/produit\/islam-a-la-reconquete-du-sens\/\" target=\"_blank\" rel=\"noopener\">La Crois\u00e9e des Chemins<\/a><\/p>\n<p>Et aupr\u00e8s de votre librairie en ligne :<\/p>\n<p><a href=\"https:\/\/www.bloombooks.ma\/spiritualite\/p5287-islam-a-la-reconquete-du-sens.html\" target=\"_blank\" rel=\"noopener\">Bloom Books<\/a> \/ <a href=\"https:\/\/qitab.ma\/fr\/islam-a-la-reconquete-du-sens\" target=\"_blank\" rel=\"noopener\">Qitab.ma<\/a> \/ <a href=\"https:\/\/mylibrairie.ma\/fr\/accueil\/13267-islam-a-la-reconquete-du-sens-de-reda-benkirane.html\" target=\"_blank\" rel=\"noopener\">My Librairie<\/a><\/p>\n","protected":false},"excerpt":{"rendered":"<p>R\u00e9da Benkirane, Islam, \u00e0 la reconqu\u00eate du sens, nouvelle \u00e9dition, Casablanca, La Crois\u00e9e des Chemins, 544 pages, 2021 (premi\u00e8re \u00e9dition: Paris,&nbsp;Le Pommier, 512 pages, 2017). \u00ab&nbsp;Ce livre expose la vision d\u2019un islam s\u00e9cularis\u00e9 et d\u2019une rationalit\u00e9 pleinement engag\u00e9e dans ce si\u00e8cle et les temps \u00e0 venir. Il explore les germes\u2026 <a class=\"continue-reading-link\" href=\"https:\/\/cch.um6p.ma\/?page_id=594\">Lire plus \/ Read more<\/a><\/p>\n","protected":false},"author":1,"featured_media":865,"parent":1916,"menu_order":8,"comment_status":"closed","ping_status":"closed","template":"","meta":{"om_disable_all_campaigns":false,"_monsterinsights_skip_tracking":false,"_monsterinsights_sitenote_active":false,"_monsterinsights_sitenote_note":"","_monsterinsights_sitenote_category":0,"ngg_post_thumbnail":0,"footnotes":""},"categories":[92],"tags":[86,87,60,63,91,90,88,89],"class_list":["post-594","page","type-page","status-publish","has-post-thumbnail","hentry","category-books","tag-complexite","tag-coran","tag-iqbal","tag-islam","tag-muhammad-iqbal","tag-rationalite","tag-religion","tag-science"],"aioseo_notices":[],"_links":{"self":[{"href":"https:\/\/cch.um6p.ma\/index.php?rest_route=\/wp\/v2\/pages\/594","targetHints":{"allow":["GET"]}}],"collection":[{"href":"https:\/\/cch.um6p.ma\/index.php?rest_route=\/wp\/v2\/pages"}],"about":[{"href":"https:\/\/cch.um6p.ma\/index.php?rest_route=\/wp\/v2\/types\/page"}],"author":[{"embeddable":true,"href":"https:\/\/cch.um6p.ma\/index.php?rest_route=\/wp\/v2\/users\/1"}],"replies":[{"embeddable":true,"href":"https:\/\/cch.um6p.ma\/index.php?rest_route=%2Fwp%2Fv2%2Fcomments&post=594"}],"version-history":[{"count":6,"href":"https:\/\/cch.um6p.ma\/index.php?rest_route=\/wp\/v2\/pages\/594\/revisions"}],"predecessor-version":[{"id":3451,"href":"https:\/\/cch.um6p.ma\/index.php?rest_route=\/wp\/v2\/pages\/594\/revisions\/3451"}],"up":[{"embeddable":true,"href":"https:\/\/cch.um6p.ma\/index.php?rest_route=\/wp\/v2\/pages\/1916"}],"wp:featuredmedia":[{"embeddable":true,"href":"https:\/\/cch.um6p.ma\/index.php?rest_route=\/wp\/v2\/media\/865"}],"wp:attachment":[{"href":"https:\/\/cch.um6p.ma\/index.php?rest_route=%2Fwp%2Fv2%2Fmedia&parent=594"}],"wp:term":[{"taxonomy":"category","embeddable":true,"href":"https:\/\/cch.um6p.ma\/index.php?rest_route=%2Fwp%2Fv2%2Fcategories&post=594"},{"taxonomy":"post_tag","embeddable":true,"href":"https:\/\/cch.um6p.ma\/index.php?rest_route=%2Fwp%2Fv2%2Ftags&post=594"}],"curies":[{"name":"wp","href":"https:\/\/api.w.org\/{rel}","templated":true}]}}