{"id":504,"date":"2023-08-17T07:50:57","date_gmt":"2023-08-17T07:50:57","guid":{"rendered":"https:\/\/cch.um6p.ma\/?page_id=504"},"modified":"2023-10-02T09:00:46","modified_gmt":"2023-10-02T09:00:46","slug":"luniversite-mohammed-vi-polytechnique-questionne-la-complexite","status":"publish","type":"page","link":"https:\/\/cch.um6p.ma\/?page_id=504","title":{"rendered":"L\u2019UM6P questionne la complexit\u00e9"},"content":{"rendered":"<div class=\"article__info\">\n<p><i class=\"fa fa-user\"><\/i><em>Le Matin<\/em>, <time class=\"updated\" datetime=\"2023-02-21\">21 F\u00e9vrier 2023 \u00e0 16:48<br \/>\n<\/time>https:\/\/m.lematin.ma\/amp\/article.php?id=386942&amp;annee=2023&nbsp;<\/p>\n<\/div>\n<p><img decoding=\"async\" class=\"i-amphtml-fill-content amp-hidden\" src=\"https:\/\/i.ytimg.com\/vi\/ZDWKSiD2Rkg\/sddefault.jpg#404_is_fine\" alt=\"Loading video\"><\/p>\n<p><iframe class=\"i-amphtml-fill-content\" title=\"YouTube video\" src=\"https:\/\/www.youtube.com\/embed\/ZDWKSiD2Rkg?enablejsapi=1&amp;amp=1&amp;playsinline=1\" frameborder=\"0\" allowfullscreen=\"allowfullscreen\" data-mce-fragment=\"1\"><\/iframe><\/p>\n<div class=\"article__body\">\n<div><audio class=\"i-amphtml-fill-content\" src=\"https:\/\/static.lematin.ma\/files\/lematin\/texttospeech\/2023\/audio_article_386942_1677060649.mp3\" controls=\"controls\" data-mce-fragment=\"1\"><\/audio><\/div>\n<p class=\"chapeau\" style=\"text-align: justify;\">La troisi\u00e8me \u00e9dition de la Semaine de la Science de l\u2019Universit\u00e9 Mohammed VI Polytechnique (UM6P), lanc\u00e9e du 21 au 26 f\u00e9vrier, se d\u00e9roule cette ann\u00e9e sur les campus de La\u00e2youne et de Bengu\u00e9rir. La complexit\u00e9 est mise en perspective par des scientifiques de renom et des artistes ainsi que les \u00e9tudiants.<\/p>\n<div>\n<p style=\"text-align: justify;\">Le coup d\u2019envoi est donn\u00e9. La troisi\u00e8me \u00e9dition de la&nbsp;<strong>Semaine de la Science<\/strong>&nbsp;est lanc\u00e9e ce lundi \u00e0 l\u2019<strong>Universit\u00e9 Mohammed VI Polytechnique (UM6P)<\/strong>&nbsp;sur les campus de&nbsp;<strong>Bengu\u00e9rir<\/strong>&nbsp;et&nbsp;<strong>La\u00e2youne<\/strong>. En pr\u00e9sence d\u2019un panel d\u2019\u00e9minents scientifiques, experts et penseurs venus du monde entier, le pr\u00e9sident de l\u2019UM6P, Hicham El Habti, a donn\u00e9 le ton de cette semaine de conf\u00e9rences et d\u2019ateliers : \u00ab C\u2019est le d\u00e9but de quelque chose de pertinent. \u00bb<\/p>\n<p style=\"text-align: justify;\">En effet, les organisateurs ont jet\u00e9 leur d\u00e9volu sur la complexit\u00e9 comme sujet th\u00e9matique de cette Semaine de la Science. D\u2019apr\u00e8s Edgar Morin, sociologue et philosophe fran\u00e7ais, la complexit\u00e9, commun\u00e9ment appel\u00e9e \u00ab l\u2019effet papillon \u00bb, c\u2019est quand \u00ab le tout est sup\u00e9rieur \u00e0 la somme des parties \u00bb.<\/p>\n<p style=\"text-align: justify;\">Un sujet d\u2019actualit\u00e9 pour&nbsp;<strong>Hicham El Habti&nbsp;<\/strong>qui a justifi\u00e9 le choix du&nbsp;sujet : \u00ab Pour essayer de sauver le monde dans un contexte de crises multiples, plusieurs disciplines doivent se m\u00e9langer et ne pas \u00eatre trait\u00e9es individuellement. C\u2019est plus complexe. \u00bb Et de pr\u00e9ciser qu\u2019\u00e0 l\u2019UM6P, les \u00e9tudiants sont form\u00e9s et travaillent dans l\u2019objectif de r\u00e9pondre \u00e0 ce challenge qui touche non seulement l\u2019Afrique mais le monde avec une solution durable et pertinente.<\/p>\n<p style=\"text-align: justify;\"><strong>R\u00e9da Benkirane<\/strong>, membre du Chair Complexit\u00e9 et Humanit\u00e9s de l\u2019<strong>UM6P<\/strong>, a, quant \u00e0 lui, r\u00e9sum\u00e9 l\u2019objectif de cette troisi\u00e8me \u00e9dition de la Semaine de la Science : \u00ab Comment faire beaucoup mieux avec beaucoup moins ? \u00bb Autrement dit, la complexit\u00e9 est, \u00e0 la fois, un d\u00e9fi actuel et une potentielle r\u00e9ponse aux probl\u00e9matiques modernes. La complexit\u00e9 rassemble toutes les disciplines scientifiques qui peuvent \u00e9changer leurs savoirs et leurs connaissances.<\/p>\n<p style=\"text-align: justify;\">D\u2019apr\u00e8s&nbsp;<strong>Fouad Laroui<\/strong>, \u00e9conomiste et ing\u00e9nieur marocain, membre du comit\u00e9 d\u2019organisation, tel \u00e9tait \u00e9galement l\u2019un des objectifs ayant pr\u00e9sid\u00e9 au choix de la complexit\u00e9 comme sujet. Ouverte au grand public, l\u2019<strong>Universit\u00e9 Mohammed VI Polytechnique<\/strong>&nbsp;se transforme ainsi, le temps d\u2019une semaine, en une p\u00e9pini\u00e8re de savoirs et d\u2019\u00e9changes, d\u2019apr\u00e8s les mots de R\u00e9da Benkirane. Une rencontre entre les sciences et la culture. En outre, le lancement de la&nbsp;<strong>Semaine de la Science<\/strong>&nbsp;a \u00e9t\u00e9 l\u2019occasion de rappeler le programme de l\u2019\u00e9v\u00e9nement qui se d\u00e9roule jusqu\u2019au 26 f\u00e9vrier.<\/p>\n<p style=\"text-align: justify;\">Au menu, des conf\u00e9rences avec des scientifiques, des experts et des penseurs de renoms tels que&nbsp;<strong>Edgar Morin<\/strong>,&nbsp;<strong>Stuart Kauffman<\/strong>,&nbsp;<strong>Ivar Ekeland&nbsp;<\/strong>et&nbsp;<strong>Luc Steel<\/strong>. Chacun traite de la complexit\u00e9 \u00e0 travers le prisme de sa discipline. De l\u2019intelligence artificielle \u00e0 la biodiversit\u00e9 en passant par l\u2019\u00e9conomie. Les D\u00e9partements de l\u2019UM6P peuvent, quant \u00e0 eux, mettre en avant et \u00e9changer sur leurs travaux.<\/p>\n<p style=\"text-align: justify;\">En marge de ces rencontres scientifiques, des \u00e9v\u00e9nements culturels sont \u00e9galement organis\u00e9s afin d\u2019aborder l\u2019expression artistique de la complexit\u00e9. \u00ab Les artistes ont leur propre perception de la r\u00e9alit\u00e9 et, par cons\u00e9quent, de la complexit\u00e9, a soulign\u00e9 R\u00e9da Benkirane. Ils ont donc toute la l\u00e9gitimit\u00e9 \u00e0 \u00eatre entendus. \u00bb Au programme : talk-r\u00e9cital de Giovanni Bellucci, chorale men\u00e9e par Ikram Chairi et concert de musique gnaoua par Hamid Kasri.<\/p>\n<\/div>\n<div class=\"space-2\">&nbsp;<\/div>\n<p><img decoding=\"async\" class=\"i-amphtml-fill-content i-amphtml-replaced-content\" src=\"https:\/\/static.lematin.ma\/files\/lematin\/images\/articles\/2023\/02\/bc73fd6cc5f5217df9bbcdf6a010d803.jpg\"><\/div>\n","protected":false},"excerpt":{"rendered":"<p>Le Matin, 21 F\u00e9vrier 2023 \u00e0 16:48 https:\/\/m.lematin.ma\/amp\/article.php?id=386942&amp;annee=2023&nbsp; La troisi\u00e8me \u00e9dition de la Semaine de la Science de l\u2019Universit\u00e9 Mohammed VI Polytechnique (UM6P), lanc\u00e9e du 21 au 26 f\u00e9vrier, se d\u00e9roule cette ann\u00e9e sur les campus de La\u00e2youne et de Bengu\u00e9rir. La complexit\u00e9 est mise en perspective par des scientifiques\u2026 <a class=\"continue-reading-link\" href=\"https:\/\/cch.um6p.ma\/?page_id=504\">Lire plus \/ Read more<\/a><\/p>\n","protected":false},"author":1,"featured_media":939,"parent":1952,"menu_order":3,"comment_status":"closed","ping_status":"closed","template":"","meta":{"om_disable_all_campaigns":false,"_monsterinsights_skip_tracking":false,"_monsterinsights_sitenote_active":false,"_monsterinsights_sitenote_note":"","_monsterinsights_sitenote_category":0,"ngg_post_thumbnail":0,"footnotes":""},"categories":[35,67],"tags":[26,58,56,31,57,59,30],"class_list":["post-504","page","type-page","status-publish","has-post-thumbnail","hentry","category-complexite","category-news-media","tag-edgar-morin","tag-fouad-laroui","tag-hicham-el-habti","tag-ivar-ekeland","tag-luc-steel","tag-semaine-de-la-science","tag-stuart-kauffman"],"aioseo_notices":[],"_links":{"self":[{"href":"https:\/\/cch.um6p.ma\/index.php?rest_route=\/wp\/v2\/pages\/504","targetHints":{"allow":["GET"]}}],"collection":[{"href":"https:\/\/cch.um6p.ma\/index.php?rest_route=\/wp\/v2\/pages"}],"about":[{"href":"https:\/\/cch.um6p.ma\/index.php?rest_route=\/wp\/v2\/types\/page"}],"author":[{"embeddable":true,"href":"https:\/\/cch.um6p.ma\/index.php?rest_route=\/wp\/v2\/users\/1"}],"replies":[{"embeddable":true,"href":"https:\/\/cch.um6p.ma\/index.php?rest_route=%2Fwp%2Fv2%2Fcomments&post=504"}],"version-history":[{"count":4,"href":"https:\/\/cch.um6p.ma\/index.php?rest_route=\/wp\/v2\/pages\/504\/revisions"}],"predecessor-version":[{"id":1120,"href":"https:\/\/cch.um6p.ma\/index.php?rest_route=\/wp\/v2\/pages\/504\/revisions\/1120"}],"up":[{"embeddable":true,"href":"https:\/\/cch.um6p.ma\/index.php?rest_route=\/wp\/v2\/pages\/1952"}],"wp:featuredmedia":[{"embeddable":true,"href":"https:\/\/cch.um6p.ma\/index.php?rest_route=\/wp\/v2\/media\/939"}],"wp:attachment":[{"href":"https:\/\/cch.um6p.ma\/index.php?rest_route=%2Fwp%2Fv2%2Fmedia&parent=504"}],"wp:term":[{"taxonomy":"category","embeddable":true,"href":"https:\/\/cch.um6p.ma\/index.php?rest_route=%2Fwp%2Fv2%2Fcategories&post=504"},{"taxonomy":"post_tag","embeddable":true,"href":"https:\/\/cch.um6p.ma\/index.php?rest_route=%2Fwp%2Fv2%2Ftags&post=504"}],"curies":[{"name":"wp","href":"https:\/\/api.w.org\/{rel}","templated":true}]}}