{"id":3318,"date":"2025-06-25T11:48:27","date_gmt":"2025-06-25T11:48:27","guid":{"rendered":"https:\/\/cch.um6p.ma\/?page_id=3318"},"modified":"2025-07-14T17:06:52","modified_gmt":"2025-07-14T17:06:52","slug":"regards-croises-sur-la-complexite-dans-les-organisations","status":"publish","type":"page","link":"https:\/\/cch.um6p.ma\/?page_id=3318","title":{"rendered":"Regards crois\u00e9s sur la complexit\u00e9 dans les organisations"},"content":{"rendered":"<p><strong data-start=\"87\" data-end=\"162\"><a href=\"https:\/\/cch.um6p.ma\/?attachment_id=3320\" target=\"_blank\" rel=\"noopener\"><img loading=\"lazy\" decoding=\"async\" class=\"alignright wp-image-3320\" src=\"https:\/\/cch.um6p.ma\/wp-content\/uploads\/2025\/06\/Regards-croises-1-212x300.jpg\" alt=\"\" width=\"289\" height=\"409\" srcset=\"https:\/\/cch.um6p.ma\/wp-content\/uploads\/2025\/06\/Regards-croises-1-212x300.jpg 212w, https:\/\/cch.um6p.ma\/wp-content\/uploads\/2025\/06\/Regards-croises-1-724x1024.jpg 724w, https:\/\/cch.um6p.ma\/wp-content\/uploads\/2025\/06\/Regards-croises-1-768x1086.jpg 768w, https:\/\/cch.um6p.ma\/wp-content\/uploads\/2025\/06\/Regards-croises-1-1086x1536.jpg 1086w, https:\/\/cch.um6p.ma\/wp-content\/uploads\/2025\/06\/Regards-croises-1-106x150.jpg 106w, https:\/\/cch.um6p.ma\/wp-content\/uploads\/2025\/06\/Regards-croises-1.jpg 1131w\" sizes=\"auto, (max-width: 289px) 100vw, 289px\" \/><\/a>Conf\u00e9rence<\/strong><\/p>\n<p data-start=\"164\" data-end=\"403\">Le 30 mai dernier, la Chaire Complexit\u00e9s \u221e Humanit\u00e9s a co-organis\u00e9 une conf\u00e9rence \u00e0 la Biblioth\u00e8que Universitaire Mohammed Sekkat, en collaboration avec l\u2019Universit\u00e9 du Qu\u00e9bec \u00e0 Rimouski (UQAR) et l\u2019Universit\u00e9 Hassan II de Casablanca.<\/p>\n<p data-start=\"405\" data-end=\"670\">Intitul\u00e9e&nbsp;<strong data-start=\"415\" data-end=\"477\">\u201cRegards crois\u00e9s sur la complexit\u00e9 dans les organisations\u201d<\/strong>, cette rencontre a r\u00e9uni des intervenants de divers horizons pour explorer les multiples facettes de la complexit\u00e9 au sein des institutions et des dynamiques organisationnelles contemporaines.<\/p>\n<ul>\n<li data-start=\"405\" data-end=\"670\"><span style=\"font-weight: 400;\"><em>De l\u2019ordre \u00e0 la complexit\u00e9 : une lecture syst\u00e9mique, <\/em><\/span><strong>Abdelmajid Ibenrissoul<\/strong>, Universit\u00e9 Hassan II, Casablanca<\/li>\n<li data-start=\"405\" data-end=\"670\"><em><span style=\"font-weight: 400;\">De la GRH \u00e0 la gestion de personnes diverses: une perspective complexe,&nbsp;<\/span><\/em><span style=\"font-weight: 400;\"><strong>Marie-Noelle Albert<\/strong> et <strong>Nadia Lazzari Dodeler<\/strong>, Universit\u00e9 du Quebec \u00e0 Rimouski<\/span><\/li>\n<li data-start=\"405\" data-end=\"670\"><em><span style=\"font-weight: 400;\">Repenser la d\u00e9cision \u00e9conomique par le&nbsp; prisme de la complexit\u00e9,&nbsp;<\/span><\/em><strong>Salah Koubaa<\/strong>, Universit\u00e9 Hassan II, Casablanca<\/li>\n<li data-start=\"405\" data-end=\"670\"><em><span style=\"font-weight: 400;\">Complexit\u00e9 et leadership en temps d&#8217;incertitude,&nbsp;<\/span><\/em><strong>Reda Benkirane<\/strong>, Chaire Complexit\u00e9s \u221e&nbsp;Humanit\u00e9s, UM6P<\/li>\n<\/ul>\n<p><iframe loading=\"lazy\" src=\"\/\/www.youtube.com\/embed\/r4X_JmfoRps\" width=\"560\" height=\"314\" allowfullscreen=\"allowfullscreen\"><\/iframe><\/p>\n<p>\nArticle dans <a href=\"https:\/\/cch.um6p.ma\/wp-content\/uploads\/2025\/07\/LEconomiste_jeudi_5_juin_2025_compressed.pdf\"><em>L&#8217;Economiste<\/em><\/a>, Jeudi 5 juin 202<\/p>\n            <div class=\"embedpress-document-embed ose-document ep-doc-d7fcf3f3b136871a304a78937b86779c\" style=\"width: 800px; height: 900px;; max-width:100%; display: block\">\n                                        <iframe title=\"L&#8217;Economiste_jeudi_5_juin_2025_compressed\" allowfullscreen=\"true\" mozallowfullscreen=\"true\" webkitallowfullscreen=\"true\" title=\"\" style=\"width: 800px; height: 900px;; max-width:100%; display: inline-block\" data-emsrc=\"https:\/\/cch.um6p.ma\/wp-content\/uploads\/2025\/07\/LEconomiste_jeudi_5_juin_2025_compressed.pdf\" data-emid=\"embedpress-pdf-shortcode\" class=\"embedpress-embed-document-pdf embedpress-pdf-shortcode\" src=\"https:\/\/cch.um6p.ma\/wp-admin\/admin-ajax.php?action=get_viewer&#038;file=https%3A%2F%2Fcch.um6p.ma%2Fwp-content%2Fuploads%2F2025%2F07%2FLEconomiste_jeudi_5_juin_2025_compressed.pdf#themeMode=custom&#038;toolbar=true&#038;lazyLoad=false&#038;position=top&#038;presentation=true&#038;download=true&#038;copy_text=true&#038;add_text=true&#038;draw=true&#038;doc_rotation=true&#038;add_image=true&#038;doc_details=true&#038;selection_tool=0&#038;scrolling=-1&#038;spreads=-1&#038;customColor=%232a6593\" frameborder=\"0\"><\/iframe>\n                                <\/div>\n\n    \n<p><strong data-start=\"675\" data-end=\"718\">&nbsp;<\/strong><\/p>\n<p><strong data-start=\"675\" data-end=\"718\">Retrouvez l\u2019int\u00e9gralit\u00e9 de nos vid\u00e9os <\/strong>sur notre cha\u00eene&nbsp;<a href=\"https:\/\/www.youtube.com\/@ChairofComplexitiesHumanities\">YouTube<\/a>.<\/p>\n","protected":false},"excerpt":{"rendered":"<p>Conf\u00e9rence Le 30 mai dernier, la Chaire Complexit\u00e9s \u221e Humanit\u00e9s a co-organis\u00e9 une conf\u00e9rence \u00e0 la Biblioth\u00e8que Universitaire Mohammed Sekkat, en collaboration avec l\u2019Universit\u00e9 du Qu\u00e9bec \u00e0 Rimouski (UQAR) et l\u2019Universit\u00e9 Hassan II de Casablanca. Intitul\u00e9e&nbsp;\u201cRegards crois\u00e9s sur la complexit\u00e9 dans les organisations\u201d, cette rencontre a r\u00e9uni des intervenants de\u2026 <a class=\"continue-reading-link\" href=\"https:\/\/cch.um6p.ma\/?page_id=3318\">Lire plus \/ Read more<\/a><\/p>\n","protected":false},"author":1,"featured_media":0,"parent":1615,"menu_order":0,"comment_status":"closed","ping_status":"closed","template":"","meta":{"om_disable_all_campaigns":false,"_monsterinsights_skip_tracking":false,"_monsterinsights_sitenote_active":false,"_monsterinsights_sitenote_note":"","_monsterinsights_sitenote_category":0,"ngg_post_thumbnail":0,"footnotes":""},"categories":[],"tags":[],"class_list":["post-3318","page","type-page","status-publish","hentry"],"aioseo_notices":[],"_links":{"self":[{"href":"https:\/\/cch.um6p.ma\/index.php?rest_route=\/wp\/v2\/pages\/3318","targetHints":{"allow":["GET"]}}],"collection":[{"href":"https:\/\/cch.um6p.ma\/index.php?rest_route=\/wp\/v2\/pages"}],"about":[{"href":"https:\/\/cch.um6p.ma\/index.php?rest_route=\/wp\/v2\/types\/page"}],"author":[{"embeddable":true,"href":"https:\/\/cch.um6p.ma\/index.php?rest_route=\/wp\/v2\/users\/1"}],"replies":[{"embeddable":true,"href":"https:\/\/cch.um6p.ma\/index.php?rest_route=%2Fwp%2Fv2%2Fcomments&post=3318"}],"version-history":[{"count":15,"href":"https:\/\/cch.um6p.ma\/index.php?rest_route=\/wp\/v2\/pages\/3318\/revisions"}],"predecessor-version":[{"id":3437,"href":"https:\/\/cch.um6p.ma\/index.php?rest_route=\/wp\/v2\/pages\/3318\/revisions\/3437"}],"up":[{"embeddable":true,"href":"https:\/\/cch.um6p.ma\/index.php?rest_route=\/wp\/v2\/pages\/1615"}],"wp:attachment":[{"href":"https:\/\/cch.um6p.ma\/index.php?rest_route=%2Fwp%2Fv2%2Fmedia&parent=3318"}],"wp:term":[{"taxonomy":"category","embeddable":true,"href":"https:\/\/cch.um6p.ma\/index.php?rest_route=%2Fwp%2Fv2%2Fcategories&post=3318"},{"taxonomy":"post_tag","embeddable":true,"href":"https:\/\/cch.um6p.ma\/index.php?rest_route=%2Fwp%2Fv2%2Ftags&post=3318"}],"curies":[{"name":"wp","href":"https:\/\/api.w.org\/{rel}","templated":true}]}}